{"id":3943,"date":"2020-07-24T09:25:50","date_gmt":"2020-07-24T07:25:50","guid":{"rendered":"https:\/\/lievre.devel22.com\/la-valpelline\/da-non-perdere\/"},"modified":"2022-06-21T10:45:21","modified_gmt":"2022-06-21T08:45:21","slug":"a-ne-pas-manquer","status":"publish","type":"page","link":"https:\/\/www.lievre.it\/fr\/la-valpelline\/a-ne-pas-manquer\/","title":{"rendered":"\u00c0 ne pas manquer"},"content":{"rendered":"<p>[et_pb_section fb_built=&#8221;1&#8243; custom_padding_last_edited=&#8221;on|phone&#8221; admin_label=&#8221;Intestazione&#8221; _builder_version=&#8221;4.16&#8243; _module_preset=&#8221;default&#8221; use_background_color_gradient=&#8221;on&#8221; background_color_gradient_stops=&#8221;rgba(0,0,0,0.5) 0%|rgba(0,0,0,0) 100%&#8221; background_color_gradient_overlays_image=&#8221;on&#8221; background_color_gradient_start=&#8221;rgba(0,0,0,0.5)&#8221; background_color_gradient_end=&#8221;rgba(0,0,0,0)&#8221; background_image=&#8221;https:\/\/www.lievre.it\/wp-content\/uploads\/2020\/07\/Valpelline-slide-01.jpg&#8221; custom_margin=&#8221;0px||0px||false|false&#8221; custom_padding=&#8221;250px||0px||false|false&#8221; custom_padding_tablet=&#8221;&#8221; custom_padding_phone=&#8221;&#8221; global_colors_info=&#8221;{}&#8221;][et_pb_row custom_padding_last_edited=&#8221;off|desktop&#8221; _builder_version=&#8221;4.16&#8243; _module_preset=&#8221;default&#8221; background_color=&#8221;#ac540a&#8221; background_color_gradient_direction=&#8221;0deg&#8221; width_tablet=&#8221;100%&#8221; width_phone=&#8221;&#8221; width_last_edited=&#8221;on|phone&#8221; custom_margin=&#8221;0px||0px||false|false&#8221; custom_padding=&#8221;0px||0px||false|false&#8221; custom_padding_tablet=&#8221;36vw||12vw||false|false&#8221; global_colors_info=&#8221;{}&#8221;][et_pb_column type=&#8221;4_4&#8243; _builder_version=&#8221;4.16&#8243; _module_preset=&#8221;default&#8221; global_colors_info=&#8221;{}&#8221;][et_pb_post_title meta=&#8221;off&#8221; featured_image=&#8221;off&#8221; _builder_version=&#8221;4.16&#8243; _module_preset=&#8221;default&#8221; title_text_align=&#8221;left&#8221; title_text_color=&#8221;#ffffff&#8221; background_enable_color=&#8221;off&#8221; custom_margin=&#8221;0px||0px||false|false&#8221; custom_padding=&#8221;14px||0px|10px|false|false&#8221; title_font_size_tablet=&#8221;24px&#8221; title_font_size_phone=&#8221;20px&#8221; title_font_size_last_edited=&#8221;on|phone&#8221; border_width_left=&#8221;66px&#8221; global_colors_info=&#8221;{}&#8221;][\/et_pb_post_title][\/et_pb_column][\/et_pb_row][\/et_pb_section][et_pb_section fb_built=&#8221;1&#8243; admin_label=&#8221;Booking engine&#8221; _builder_version=&#8221;4.17.4&#8243; _module_preset=&#8221;default&#8221; custom_padding=&#8221;0px||0px||false|false&#8221; global_colors_info=&#8221;{}&#8221; locked=&#8221;off&#8221;][et_pb_row _builder_version=&#8221;4.17.4&#8243; _module_preset=&#8221;default&#8221; custom_padding=&#8221;0px||0px||false|false&#8221; global_colors_info=&#8221;{}&#8221;][et_pb_column type=&#8221;4_4&#8243; _builder_version=&#8221;4.17.4&#8243; _module_preset=&#8221;default&#8221; global_colors_info=&#8221;{}&#8221;][et_pb_code _builder_version=&#8221;4.17.4&#8243; _module_preset=&#8221;default&#8221; hover_enabled=&#8221;0&#8243; global_colors_info=&#8221;{}&#8221; sticky_enabled=&#8221;0&#8243;]<script charset=\"UTF-8\" defer src=\"https:\/\/cdn.beddy.io\/bol-v2\/prod\/beddy-bar-web-component.js\"><\/script><beddy-bar lang=\"fr\" widgetcode=\"f546101ccf6a1\"><\/beddy-bar>[\/et_pb_code][\/et_pb_column][\/et_pb_row][\/et_pb_section][et_pb_section fb_built=&#8221;1&#8243; admin_label=&#8221;Grigio&#8221; _builder_version=&#8221;4.16&#8243; background_color=&#8221;#e8e8e8&#8243; background_enable_image=&#8221;off&#8221; background_size=&#8221;initial&#8221; background_position=&#8221;bottom_left&#8221; locked=&#8221;off&#8221; collapsed=&#8221;on&#8221; global_colors_info=&#8221;{}&#8221;][et_pb_row column_structure=&#8221;1_2,1_2&#8243; _builder_version=&#8221;4.16&#8243; background_size=&#8221;initial&#8221; background_position=&#8221;top_left&#8221; background_repeat=&#8221;repeat&#8221; global_colors_info=&#8221;{}&#8221;][et_pb_column type=&#8221;1_2&#8243; _builder_version=&#8221;4.16&#8243; custom_padding=&#8221;|||&#8221; global_colors_info=&#8221;{}&#8221; custom_padding__hover=&#8221;|||&#8221;][et_pb_text _builder_version=&#8221;4.16&#8243; _module_preset=&#8221;default&#8221; text_line_height=&#8221;1.5em&#8221; text_orientation_tablet=&#8221;center&#8221; text_orientation_phone=&#8221;center&#8221; text_orientation_last_edited=&#8221;on|phone&#8221; global_colors_info=&#8221;{}&#8221;]<\/p>\n<h1>Le Centre d&#8217;Assaisonnement des Fontines<\/h1>\n<p>Les plus gourmands ne pourront pas manquer le centre d&#8217;assaisonnement des fontines D.O.P. Le fameux fromage valdotain, dont l&#8217;origine remonte \u00e0 1270, doit \u00eatre assaisonn\u00e9 dans des endroits frais et humides. Les anciennes mines de cuivre, situ\u00e9 \u00e0 2 km de l&#8217;h\u00f4tel, sont l&#8217;endroit id\u00e9al pour observer le processus d&#8217;assaisonnement. I\u00e7i vous pourrez visiter le tunnel qui contient jusqu&#8217;\u00e0 60 000 fromages, en observant la technique m\u00e9ticuleuse de salaison quotidienne.<\/p>\n<p>[\/et_pb_text][\/et_pb_column][et_pb_column type=&#8221;1_2&#8243; _builder_version=&#8221;4.16&#8243; custom_padding=&#8221;|||&#8221; global_colors_info=&#8221;{}&#8221; custom_padding__hover=&#8221;|||&#8221;][et_pb_image src=&#8221;https:\/\/www.lievre.it\/wp-content\/uploads\/2020\/07\/Da-non-perdere-01.jpg&#8221; title_text=&#8221;Da non perdere 01&#8243; show_in_lightbox=&#8221;on&#8221; _builder_version=&#8221;4.16&#8243; _module_preset=&#8221;default&#8221; border_width_all=&#8221;7px&#8221; border_color_all=&#8221;#ffffff&#8221; box_shadow_style=&#8221;preset3&#8243; global_colors_info=&#8221;{}&#8221;][\/et_pb_image][\/et_pb_column][\/et_pb_row][\/et_pb_section][et_pb_section fb_built=&#8221;1&#8243; admin_label=&#8221;Bianco&#8221; _builder_version=&#8221;4.16&#8243; background_color=&#8221;#ffffff&#8221; background_enable_image=&#8221;off&#8221; background_size=&#8221;initial&#8221; background_position=&#8221;bottom_left&#8221; locked=&#8221;off&#8221; collapsed=&#8221;on&#8221; global_colors_info=&#8221;{}&#8221;][et_pb_row column_structure=&#8221;1_2,1_2&#8243; _builder_version=&#8221;4.16&#8243; background_size=&#8221;initial&#8221; background_position=&#8221;top_left&#8221; background_repeat=&#8221;repeat&#8221; global_colors_info=&#8221;{}&#8221;][et_pb_column type=&#8221;1_2&#8243; _builder_version=&#8221;4.16&#8243; custom_padding=&#8221;|||&#8221; global_colors_info=&#8221;{}&#8221; custom_padding__hover=&#8221;|||&#8221;][et_pb_text _builder_version=&#8221;4.16&#8243; _module_preset=&#8221;default&#8221; text_line_height=&#8221;1.5em&#8221; text_orientation_tablet=&#8221;center&#8221; text_orientation_phone=&#8221;center&#8221; text_orientation_last_edited=&#8221;on|phone&#8221; global_colors_info=&#8221;{}&#8221;]<\/p>\n<h1>Le Barrage de Place Moulin<\/h1>\n<p>Construite entre le 1955 et le 1965, le barrage de la place Moulin est le plus grand barrage italien et l\u2019un des plus importants d&#8217;Europe. Le mur de 155m haut et 678 de largeur, contient l&#8217;eau n\u00e9cessaire pour faire fonctionner la centrale hydro\u00e9lectrique de Valpelline. Gr\u00e2ce \u00e0 elle et \u00e0 d&#8217;autres nombreuses centrales la Vall\u00e9e d&#8217;Aoste produit tout son \u00e9lectricit\u00e9 gr\u00e2ce \u00e0 l\u2019\u00e9nergie hydraulique.<\/p>\n<p>[\/et_pb_text][\/et_pb_column][et_pb_column type=&#8221;1_2&#8243; _builder_version=&#8221;4.16&#8243; custom_padding=&#8221;|||&#8221; global_colors_info=&#8221;{}&#8221; custom_padding__hover=&#8221;|||&#8221;][et_pb_image src=&#8221;https:\/\/www.lievre.it\/wp-content\/uploads\/2020\/07\/Da-non-perdere-02.jpg&#8221; title_text=&#8221;Da non perdere 02&#8243; show_in_lightbox=&#8221;on&#8221; _builder_version=&#8221;4.16&#8243; _module_preset=&#8221;default&#8221; border_width_all=&#8221;7px&#8221; border_color_all=&#8221;#e8e8e8&#8243; box_shadow_style=&#8221;preset3&#8243; global_colors_info=&#8221;{}&#8221;][\/et_pb_image][\/et_pb_column][\/et_pb_row][\/et_pb_section][et_pb_section fb_built=&#8221;1&#8243; admin_label=&#8221;Grigio&#8221; _builder_version=&#8221;4.16&#8243; background_color=&#8221;#e8e8e8&#8243; background_enable_image=&#8221;off&#8221; background_size=&#8221;initial&#8221; background_position=&#8221;bottom_left&#8221; locked=&#8221;off&#8221; collapsed=&#8221;on&#8221; global_colors_info=&#8221;{}&#8221;][et_pb_row column_structure=&#8221;1_2,1_2&#8243; _builder_version=&#8221;4.16&#8243; background_size=&#8221;initial&#8221; background_position=&#8221;top_left&#8221; background_repeat=&#8221;repeat&#8221; global_colors_info=&#8221;{}&#8221;][et_pb_column type=&#8221;1_2&#8243; _builder_version=&#8221;4.16&#8243; custom_padding=&#8221;|||&#8221; global_colors_info=&#8221;{}&#8221; custom_padding__hover=&#8221;|||&#8221;][et_pb_text _builder_version=&#8221;4.16&#8243; _module_preset=&#8221;default&#8221; text_line_height=&#8221;1.5em&#8221; text_orientation_tablet=&#8221;center&#8221; text_orientation_phone=&#8221;center&#8221; text_orientation_last_edited=&#8221;on|phone&#8221; global_colors_info=&#8221;{}&#8221;]<\/p>\n<h1>La Seuppa \u00e0 la Vapelenentze<\/h1>\n<p>C\u2019est le plat typique du pays, le plat qui a fait de Valpelline un des lieux les plus c\u00e9l\u00e8bres de Vall\u00e9e d&#8217;Aoste. Pr\u00e9par\u00e9 selon la tradition, avec du pain, de la fontine et le choux provenant directement du jardin. Le tout est gratin\u00e9 au four pendant plusieurs heures, tout comme, dans les si\u00e8cles pr\u00e9c\u00e9dents, le dimanche les familles trouvaient le souper pret au retour de la messe.<\/p>\n<p>[\/et_pb_text][\/et_pb_column][et_pb_column type=&#8221;1_2&#8243; _builder_version=&#8221;4.16&#8243; custom_padding=&#8221;|||&#8221; global_colors_info=&#8221;{}&#8221; custom_padding__hover=&#8221;|||&#8221;][et_pb_image src=&#8221;https:\/\/www.lievre.it\/wp-content\/uploads\/2020\/07\/Da-non-perdere-03.jpg&#8221; title_text=&#8221;Da non perdere 03&#8243; show_in_lightbox=&#8221;on&#8221; _builder_version=&#8221;4.16&#8243; _module_preset=&#8221;default&#8221; border_width_all=&#8221;7px&#8221; border_color_all=&#8221;#ffffff&#8221; box_shadow_style=&#8221;preset3&#8243; global_colors_info=&#8221;{}&#8221;][\/et_pb_image][\/et_pb_column][\/et_pb_row][\/et_pb_section][et_pb_section fb_built=&#8221;1&#8243; admin_label=&#8221;Bianco&#8221; _builder_version=&#8221;4.16&#8243; background_color=&#8221;#ffffff&#8221; background_enable_image=&#8221;off&#8221; background_size=&#8221;initial&#8221; background_position=&#8221;bottom_left&#8221; locked=&#8221;off&#8221; collapsed=&#8221;on&#8221; global_colors_info=&#8221;{}&#8221;][et_pb_row column_structure=&#8221;1_2,1_2&#8243; _builder_version=&#8221;4.16&#8243; background_size=&#8221;initial&#8221; background_position=&#8221;top_left&#8221; background_repeat=&#8221;repeat&#8221; global_colors_info=&#8221;{}&#8221;][et_pb_column type=&#8221;1_2&#8243; _builder_version=&#8221;4.16&#8243; custom_padding=&#8221;|||&#8221; global_colors_info=&#8221;{}&#8221; custom_padding__hover=&#8221;|||&#8221;][et_pb_text _builder_version=&#8221;4.16&#8243; _module_preset=&#8221;default&#8221; text_line_height=&#8221;1.5em&#8221; text_orientation_tablet=&#8221;center&#8221; text_orientation_phone=&#8221;center&#8221; text_orientation_last_edited=&#8221;on|phone&#8221; global_colors_info=&#8221;{}&#8221;]<\/p>\n<h1>Le Carnaval Historique de La Coumba Freida<\/h1>\n<p>Vous pourrez y admirer les superbes masques et costumes inspir\u00e9s des uniformes des soldats napol\u00e9onien lors de son passage en 1800. Ces masques ont \u00e9galement \u00e9t\u00e9 utilis\u00e9s lors de la c\u00e9r\u00e9monie d&#8217;ouverture des jeux olympiques d&#8217;hiver de Turin 2006. L\u2019extravagant carnaval de la Coumba, avec ses chants et danses folkloriques, est assur\u00e9ment l\u2019un des \u00e9v\u00e9nement majeur de la Vall\u00e9e d&#8217;Aoste, empreint d\u2019 histoire et de myst\u00e8re. A ne pas manquer!<\/p>\n<p>[\/et_pb_text][\/et_pb_column][et_pb_column type=&#8221;1_2&#8243; _builder_version=&#8221;4.16&#8243; custom_padding=&#8221;|||&#8221; global_colors_info=&#8221;{}&#8221; custom_padding__hover=&#8221;|||&#8221;][et_pb_image src=&#8221;https:\/\/www.lievre.it\/wp-content\/uploads\/2020\/07\/Da-non-perdere-04.jpg&#8221; title_text=&#8221;Da non perdere 04&#8243; show_in_lightbox=&#8221;on&#8221; _builder_version=&#8221;4.16&#8243; _module_preset=&#8221;default&#8221; border_width_all=&#8221;7px&#8221; border_color_all=&#8221;#e8e8e8&#8243; box_shadow_style=&#8221;preset3&#8243; global_colors_info=&#8221;{}&#8221;][\/et_pb_image][\/et_pb_column][\/et_pb_row][\/et_pb_section][et_pb_section fb_built=&#8221;1&#8243; admin_label=&#8221;Grigio&#8221; _builder_version=&#8221;4.16&#8243; background_color=&#8221;#e8e8e8&#8243; background_enable_image=&#8221;off&#8221; background_size=&#8221;initial&#8221; background_position=&#8221;bottom_left&#8221; locked=&#8221;off&#8221; collapsed=&#8221;on&#8221; global_colors_info=&#8221;{}&#8221;][et_pb_row column_structure=&#8221;1_2,1_2&#8243; _builder_version=&#8221;4.16&#8243; background_size=&#8221;initial&#8221; background_position=&#8221;top_left&#8221; background_repeat=&#8221;repeat&#8221; global_colors_info=&#8221;{}&#8221;][et_pb_column type=&#8221;1_2&#8243; _builder_version=&#8221;4.16&#8243; custom_padding=&#8221;|||&#8221; global_colors_info=&#8221;{}&#8221; custom_padding__hover=&#8221;|||&#8221;][et_pb_text _builder_version=&#8221;4.16&#8243; _module_preset=&#8221;default&#8221; text_line_height=&#8221;1.5em&#8221; text_orientation_tablet=&#8221;center&#8221; text_orientation_phone=&#8221;center&#8221; text_orientation_last_edited=&#8221;on|phone&#8221; global_colors_info=&#8221;{}&#8221;]<\/p>\n<h1>La Foire de Saint&#8217;Ourse<\/h1>\n<p>Le 30 et le 31 janvier, les rues du centre historique d\u2019 Aoste accueillent la foire mill\u00e9naire. Des centaines d\u2019artisans et d\u2019artistes, parmi les meilleurs, exposent leurs \u0153uvres au public. Le soir les rues se remplissent de groupes de musique folklorique traditionnelle, de chants et de danses.<\/p>\n<p>[\/et_pb_text][\/et_pb_column][et_pb_column type=&#8221;1_2&#8243; _builder_version=&#8221;4.16&#8243; custom_padding=&#8221;|||&#8221; global_colors_info=&#8221;{}&#8221; custom_padding__hover=&#8221;|||&#8221;][et_pb_image src=&#8221;https:\/\/www.lievre.it\/wp-content\/uploads\/2020\/07\/Da-non-perdere-05.jpg&#8221; title_text=&#8221;Da non perdere 05&#8243; show_in_lightbox=&#8221;on&#8221; _builder_version=&#8221;4.16&#8243; _module_preset=&#8221;default&#8221; border_width_all=&#8221;7px&#8221; border_color_all=&#8221;#ffffff&#8221; box_shadow_style=&#8221;preset3&#8243; global_colors_info=&#8221;{}&#8221;][\/et_pb_image][\/et_pb_column][\/et_pb_row][\/et_pb_section]<\/p>\n","protected":false},"excerpt":{"rendered":"<p>Le Centre d&#8217;Assaisonnement des Fontines Les plus gourmands ne pourront pas manquer le centre d&#8217;assaisonnement des fontines D.O.P. Le fameux fromage valdotain, dont l&#8217;origine remonte \u00e0 1270, doit \u00eatre assaisonn\u00e9 dans des endroits frais et humides. Les anciennes mines de cuivre, situ\u00e9 \u00e0 2 km de l&#8217;h\u00f4tel, sont l&#8217;endroit id\u00e9al pour observer le processus d&#8217;assaisonnement. [&hellip;]<\/p>\n","protected":false},"author":1,"featured_media":0,"parent":3909,"menu_order":39,"comment_status":"closed","ping_status":"closed","template":"","meta":{"_et_pb_use_builder":"on","_et_pb_old_content":"","_et_gb_content_width":"","footnotes":""},"_links":{"self":[{"href":"https:\/\/www.lievre.it\/fr\/wp-json\/wp\/v2\/pages\/3943"}],"collection":[{"href":"https:\/\/www.lievre.it\/fr\/wp-json\/wp\/v2\/pages"}],"about":[{"href":"https:\/\/www.lievre.it\/fr\/wp-json\/wp\/v2\/types\/page"}],"author":[{"embeddable":true,"href":"https:\/\/www.lievre.it\/fr\/wp-json\/wp\/v2\/users\/1"}],"replies":[{"embeddable":true,"href":"https:\/\/www.lievre.it\/fr\/wp-json\/wp\/v2\/comments?post=3943"}],"version-history":[{"count":3,"href":"https:\/\/www.lievre.it\/fr\/wp-json\/wp\/v2\/pages\/3943\/revisions"}],"predecessor-version":[{"id":4280,"href":"https:\/\/www.lievre.it\/fr\/wp-json\/wp\/v2\/pages\/3943\/revisions\/4280"}],"up":[{"embeddable":true,"href":"https:\/\/www.lievre.it\/fr\/wp-json\/wp\/v2\/pages\/3909"}],"wp:attachment":[{"href":"https:\/\/www.lievre.it\/fr\/wp-json\/wp\/v2\/media?parent=3943"}],"curies":[{"name":"wp","href":"https:\/\/api.w.org\/{rel}","templated":true}]}}